{"id":3,"date":"2023-02-22T15:04:00","date_gmt":"2023-02-22T14:04:00","guid":{"rendered":"https:\/\/www.ioformo.it\/blog\/?page_id=3"},"modified":"2023-06-09T14:32:25","modified_gmt":"2023-06-09T12:32:25","slug":"policy-privacy","status":"publish","type":"page","link":"https:\/\/learning.ioformo.it\/blog\/policy-privacy\/","title":{"rendered":"Privacy Policy"},"content":{"rendered":"<div class=\"fusion-fullwidth fullwidth-box fusion-builder-row-1 fusion-flex-container has-pattern-background has-mask-background nonhundred-percent-fullwidth non-hundred-percent-height-scrolling\" style=\"--awb-border-radius-top-left:0px;--awb-border-radius-top-right:0px;--awb-border-radius-bottom-right:0px;--awb-border-radius-bottom-left:0px;--awb-padding-right:10%;--awb-padding-left:10%;--awb-flex-wrap:wrap;\" ><div class=\"fusion-builder-row fusion-row fusion-flex-align-items-flex-start fusion-flex-content-wrap\" style=\"max-width:1248px;margin-left: calc(-4% \/ 2 );margin-right: calc(-4% \/ 2 );\"><div class=\"fusion-layout-column fusion_builder_column fusion-builder-column-0 fusion_builder_column_1_1 1_1 fusion-flex-column\" style=\"--awb-bg-size:cover;--awb-width-large:100%;--awb-margin-top-large:0px;--awb-spacing-right-large:1.92%;--awb-margin-bottom-large:20px;--awb-spacing-left-large:1.92%;--awb-width-medium:100%;--awb-order-medium:0;--awb-spacing-right-medium:1.92%;--awb-spacing-left-medium:1.92%;--awb-width-small:100%;--awb-order-small:0;--awb-spacing-right-small:1.92%;--awb-spacing-left-small:1.92%;\"><div class=\"fusion-column-wrapper fusion-column-has-shadow fusion-flex-justify-content-flex-start fusion-content-layout-column\"><div class=\"fusion-title title fusion-title-1 fusion-sep-none fusion-title-center fusion-title-text fusion-title-size-one\" style=\"--awb-font-size:25px;\"><h1 class=\"fusion-title-heading title-heading-center\" style=\"font-family:&quot;Poppins&quot;;font-style:normal;font-weight:500;margin:0;font-size:1em;\">INFORMATIVA AI SENSI DEL REGOLAMENTO UE 2016\/679 (GDPR)<\/h1><\/div><div class=\"fusion-separator fusion-full-width-sep\" style=\"align-self: center;margin-left: auto;margin-right: auto;margin-top:30px;width:100%;\"><\/div><div class=\"fusion-text fusion-text-1 sm-text-align-center\" style=\"--awb-font-size:14px;--awb-text-font-family:&quot;Poppins&quot;;--awb-text-font-style:normal;--awb-text-font-weight:300;\"><p><strong>IO FORMO S.r.l.<\/strong> rilascia la presente informativa con l\u2019obiettivo di dare evidenza del pieno rispetto della normativa sul trattamento e la protezione dei dati personali (Regolamento Ue 2016\/679 &#8211; GDPR)<\/p>\n<p><strong>Art. 1.<\/strong> <strong>Titolare del Trattamento: <\/strong><em><u>chi raccoglie i dati e decide le finalit\u00e0\/modalit\u00e0 del trattamento<\/u><\/em><\/p>\n<p><strong>IO FORMO S.r.l. <\/strong><em>(di seguito, IO FORMO o IOFORMO.IT)<\/em><\/p>\n<p><strong>Sede legale<\/strong>: Via Bagutta n. 13, 20121 MILANO\u00a0\u00a0\u00a0\u00a0\u00a0\u00a0\u00a0\u00a0\u00a0\u00a0 \u00a0\u00a0\u00a0\u00a0\u00a0\u00a0\u00a0\u00a0\u00a0\u00a0\u00a0\u00a0\u00a0\u00a0 <strong>P.IVA e C.F.<\/strong>: 12628600962\u00a0 \u00a0 \u00a0 \u00a0 <strong>REA<\/strong>:\u00a0MI &#8211; 2673407<\/p>\n<p><strong>Telefono: <\/strong>+39 392 810 8191\u00a0\u00a0\u00a0\u00a0\u00a0\u00a0\u00a0\u00a0 <strong> Mail<\/strong>: info@ioformo.it\u00a0\u00a0\u00a0\u00a0\u00a0\u00a0\u00a0\u00a0\u00a0 <strong>PEC<\/strong> ioformo@pecimprese.it<\/p>\n<p><strong>Art. 2. Dati Personali Trattati: <\/strong><em><u>quali dati vengono richiesti<\/u><\/em><\/p>\n<p>Costituiscono oggetto di trattamento i dati personali conferiti tramite i form di registrazione del sito internet, a titolo esemplificativo ma non esaustivo: <strong>nome, cognome, ragione sociale, numero di partita IVA, codice fiscale, numero di telefono fisso o mobile, indirizzo di posta elettronica, indirizzo PEC, codice SDI per la fatturazione, titolo di studio, ecc.<\/strong><\/p>\n<p><strong>Art.3. Finalit\u00e0 e Base Giuridica del Trattamento: <\/strong><em><u>perch\u00e9 vengono trattati i dati personali e<\/u><\/em> <em><u>da che cosa \u00e8 giustificato il trattamento<\/u><\/em><\/p>\n<p>IO FORMO tratta i dati personali per le seguenti finalit\u00e0:<\/p>\n<p><strong>Finalit\u00e0 a) Gestire e dare esecuzione alle richieste di contatto e\/o di informazioni e\/o di materiale illustrativo<\/strong> sui servizi offerti da IO FORMO, nonch\u00e9 adempiere ad ogni altro obbligo derivante; <strong>gestire e dare esecuzione al rapporto contrattuale<\/strong> (attivit\u00e0 preliminari e conseguenti all\u2019acquisto di un servizio, invio di relative comunicazioni informative, gestione del relativo ordine, fatturazione e gestione del pagamento);<\/p>\n<p><strong>Base Giuridica: <\/strong>Esecuzione di un contratto di cui l\u2019interessato \u00e8 parte o esecuzione di misure precontrattuali adottate su richiesta dello stesso. <em><u>La raccolta e il trattamento dei dati \u00e8 necessario (quindi obbligatorio).<\/u><\/em> <em><u>Il rifiuto di fornire i dati ci impedisce di raggiungere la finalit\u00e0 indicata e dar seguito quindi alle relative richieste.<\/u><\/em><\/p>\n<p><strong>Finalit\u00e0 b) Registrazione alle newsletter informative e promozionali <\/strong>(fanno parte di queste comunicazioni tutte le informazioni di carattere non obbligatorio previste nella finalit\u00e0 a), in particolar modo rientrano in queste comunicazioni tutte le informazioni commerciali e di promozione).<\/p>\n<p><strong>Base Giuridica: <\/strong>Consenso dell\u2019interessato. <em><u>Il consenso \u00e8 facoltativo, qualora non fosse fornito non si riceveranno mail promozionali.<\/u><\/em><\/p>\n<p><strong>Finalit\u00e0 c) Adempiere ad ogni obbligo derivante dal contratto, dalla Legge e dai Regolamenti;<\/strong><\/p>\n<p><strong>Base Giuridica:<\/strong> Rispetto di obblighi di Legge e Regolamentari cui il Titolare \u00e8 tenuto; <em>non \u00e8 previsto il rifiuto di fornire i dati. I dati trattati sono quelli forniti con la finalit\u00e0 a).<\/em><\/p>\n<p><strong>\u00a0<\/strong><\/p>\n<p><strong>Finalit\u00e0 d) Accertare, esercitare o difendere un diritto del Titolare in sede giudiziaria e\/o extragiudiziaria;<\/strong><\/p>\n<p><strong>Base Giuridica: <\/strong>Necessit\u00e0 del Titolare di perseguire un proprio legittimo interesse e di tutelare i propri diritti nascenti dal contratto; <em>Non \u00e8 previsto il rifiuto di fornire i dati. I dati trattati sono quelli forniti con la finalit\u00e0 a)<\/em>.<\/p>\n<p><strong>Art. 4. Modalit\u00e0 del Trattamento: <\/strong><em><u>come vengono trattati i dati personali<\/u><\/em><\/p>\n<p>I dati personali cui si fa riferimento sono quelli riportati all\u2019Art. 2 e sono trattati nei limiti strettamente necessari al raggiungimento delle <strong>finalit\u00e0<\/strong> di cui al precedente <strong>Art. 3<\/strong>.<\/p>\n<p>Per il perseguimento delle finalit\u00e0 sopra descritte, <u>non viene<\/u> presa alcuna decisione basata unicamente su trattamento automatizzato (<u>profilazione<\/u>) che produca effetti giuridici o che incida significativamente sulla vita, i diritti e le libert\u00e0 dell\u2019interessato.<\/p>\n<p>Il trattamento viene effettuato con misure idonee a garantire la sicurezza e la riservatezza dei dati personali, in particolare nel rispetto delle misure di sicurezza adeguate e secondo i principi di liceit\u00e0, necessit\u00e0 e proporzionalit\u00e0. I dati sono trattati con l\u2019ausilio di dispositivi informatici (computer e smartphone), server (fisici e cloud), e con il supporto di archivi cartacei conservati in locali dedicati. Tutte le informazioni sono accessibili esclusivamente al personale autorizzato.<\/p>\n<p><strong>Art. 5. Periodo di conservazione: <\/strong><em><u>dove e per quanto tempo teniamo i dati personali<\/u><\/em><\/p>\n<p>I dati sono conservati per il seguente periodo.<\/p>\n<ul>\n<li><strong><em>Finalit\u00e0 a<\/em><\/strong><em>) <\/em>5 anni dal termine del contratto;<\/li>\n<li><strong><em>Finalit\u00e0 b<\/em><\/strong><em>) <\/em>Fino alla richiesta di revoca del consenso;<\/li>\n<li><strong><em>Finalit\u00e0 c<\/em><\/strong><em>) <\/em>Per tutta la durata prevista dai relativi adempimenti (10 anni);<\/li>\n<li><strong><em>Finalit\u00e0 d) <\/em><\/strong>Fino alla prescrizione dei diritti e delle azioni giudiziarie.<\/li>\n<\/ul>\n<p>Al termine del periodo di conservazione i dati saranno cancellati o anonimizzati. Qualora dovesse verificarsi la necessit\u00e0 di ripristino dei dati tramite backup ne viene garantita la nuova cancellazione\/anonimizzazione.<\/p>\n<p><strong>Art. 6. <\/strong><strong><u>Comunicazione e trasmissione dei dati: <\/u><\/strong><em><u>a chi vengono comunicati i dati <\/u><\/em><\/p>\n<p>I dati personali potranno essere condivisi, esclusivamente per le finalit\u00e0 sopra specificate, con le seguenti categorie di destinatari:<\/p>\n<ul>\n<li><strong>Collaboratori del Titolare<\/strong>, quali soggetti designati ed autorizzati al trattamento dei dati personali, vincolati alla riservatezza;<\/li>\n<li><strong>Persone, societ\u00e0, o altri soggetti terzi<\/strong>, ad esempio societ\u00e0 che forniscono strumenti di terze parti necessario al funzionamento di IOFORMO.IT, ognuno per il suo ambito specifico di competenza, e vincolati alla riservatezza, con i quali il Titolare intrattiene rapporti necessari allo svolgimento della propria attivit\u00e0 o per obbligo di Legge ed ai quali \u00e8 stato affidato specifico mandato per il tempo necessario a conseguire gli scopi per cui sono stati raccolti i dati;<\/li>\n<li><strong>Autorit\u00e0 giurisdizionali o di vigilanza, amministrazioni, enti ed organismi pubblici<\/strong>, nell\u2019esercizio delle loro funzioni, quando richiesto dalla Legge.<\/li>\n<\/ul>\n<p>Ove previsto, i soggetti esterni tratteranno i dati in qualit\u00e0 di \u201c<em>Responsabili del Trattamento<\/em>\u201d, e quindi debitamente nominati e autorizzati al trattamento dei dati personali sotto l\u2019autorit\u00e0 diretta di IO FORMO S.r.l. (Titolare del trattamento), oppure in qualit\u00e0 di \u201cautonomi Titolari\u201d autorizzati ad accedervi in forza di disposizioni di Legge, regolamenti e normative.<\/p>\n<p><strong>Art.7. Trasferimento dei dati in Paesi extra UE:<\/strong><\/p>\n<p>I dati potrebbero essere trasferiti a fornitori che utilizzano server extra UE. I servizi per i quali \u00e8 previsto questo trasferimento sono:<\/p>\n<p><strong><u>Videocorsi<\/u><\/strong><\/p>\n<p>I video caricati nella piattaforma sono ospitati su server di terze parti. Il fornitore ha sede negli Stati Uniti d\u2019America e ha i server dislocati in tutto il mondo.<\/p>\n<p><strong>\u00a0<\/strong><\/p>\n<p><strong>Art. 8. Diritti dell\u2019Interessato<\/strong><\/p>\n<ul>\n<li><strong>Diritto di accesso<\/strong>: ottenere conferma che sia o meno in corso un trattamento dei propri dati personali e, in tal caso, richiederne l\u2019accesso, ricevere informazioni relative alla finalit\u00e0 del trattamento, alle categorie di dati personali trattati e del periodo di conservazione, ai destinatari cui questi possono essere comunicati;<\/li>\n<li><strong>Diritto di rettifica<\/strong>: ottenere, senza ingiustificato ritardo, la rettifica dei propri dati personali inesatti e l\u2019integrazione dei dati personali incompleti;<\/li>\n<li><strong>Diritto alla portabilit\u00e0<\/strong>: ricevere in un formato strutturato, di uso comune e leggibile da un dispositivo automatico, i propri dati personali forniti al Titolare, nonch\u00e9 ottenere che gli stessi siano trasmessi ad altro titolare senza impedimenti;<\/li>\n<li><strong>Diritto alla cancellazione<\/strong>: ottenere, senza ingiustificato ritardo, la cancellazione dei propri dati personali;<\/li>\n<li><strong>Diritto di limitazione<\/strong>: ottenere dal Titolare la limitazione del trattamento;<\/li>\n<li><strong>Diritto di revocare il consenso<\/strong> in qualsiasi momento senza pregiudicare la liceit\u00e0 del trattamento basata sul consenso prestato prima della revoca;<\/li>\n<li><strong>Diritto di opposizione<\/strong>: opporsi al trattamento dei propri dati personali, salvo che sussistano motivi legittimi per il Titolare di continuare il trattamento;<\/li>\n<li><strong>Diritto di proporre reclamo<\/strong> al Garante per la Protezione dei dati personali o ad altra Autorit\u00e0 di controllo.<\/li>\n<\/ul>\n<p>Per esercitare i propri diritti \u00e8 possibile contattare IO FORMO S.r.l. ai recapiti specificati nell\u2019Art. 1. Si ricorda di allegare un documento d\u2019identit\u00e0 in corso di validit\u00e0.<\/p>\n<p>La presente informativa potr\u00e0 subire variazioni. Il Titolare si riserva di modificarne o semplicemente aggiornarne il contenuto, in parte o completamente, anche a causa di variazioni della normativa vigente.<\/p>\n<\/div><\/div><\/div><\/div><\/div>\n","protected":false},"excerpt":{"rendered":"","protected":false},"author":1,"featured_media":0,"parent":0,"menu_order":0,"comment_status":"closed","ping_status":"open","template":"","meta":{"footnotes":""},"class_list":["post-3","page","type-page","status-publish","hentry"],"acf":[],"yoast_head":"<!-- This site is optimized with the Yoast SEO plugin v27.5 - https:\/\/yoast.com\/product\/yoast-seo-wordpress\/ -->\n<title>Privacy Policy - ioformo.it<\/title>\n<meta name=\"robots\" content=\"noindex, follow\" \/>\n<meta property=\"og:locale\" content=\"it_IT\" \/>\n<meta property=\"og:type\" content=\"article\" \/>\n<meta property=\"og:title\" content=\"Privacy Policy - ioformo.it\" \/>\n<meta property=\"og:url\" content=\"https:\/\/learning.ioformo.it\/blog\/policy-privacy\/\" \/>\n<meta property=\"og:site_name\" content=\"ioformo.it\" \/>\n<meta property=\"article:modified_time\" content=\"2023-06-09T12:32:25+00:00\" \/>\n<meta name=\"twitter:card\" content=\"summary_large_image\" \/>\n<meta name=\"twitter:label1\" content=\"Tempo di lettura stimato\" \/>\n\t<meta name=\"twitter:data1\" content=\"9 minuti\" \/>\n<script type=\"application\/ld+json\" class=\"yoast-schema-graph\">{\"@context\":\"https:\\\/\\\/schema.org\",\"@graph\":[{\"@type\":\"WebPage\",\"@id\":\"https:\\\/\\\/learning.ioformo.it\\\/blog\\\/policy-privacy\\\/\",\"url\":\"https:\\\/\\\/learning.ioformo.it\\\/blog\\\/policy-privacy\\\/\",\"name\":\"Privacy Policy - ioformo.it\",\"isPartOf\":{\"@id\":\"https:\\\/\\\/learning.ioformo.it\\\/blog\\\/#website\"},\"datePublished\":\"2023-02-22T14:04:00+00:00\",\"dateModified\":\"2023-06-09T12:32:25+00:00\",\"inLanguage\":\"it-IT\",\"potentialAction\":[{\"@type\":\"ReadAction\",\"target\":[\"https:\\\/\\\/learning.ioformo.it\\\/blog\\\/policy-privacy\\\/\"]}]},{\"@type\":\"WebSite\",\"@id\":\"https:\\\/\\\/learning.ioformo.it\\\/blog\\\/#website\",\"url\":\"https:\\\/\\\/learning.ioformo.it\\\/blog\\\/\",\"name\":\"ioformo.it\",\"description\":\"Il primo aggregatore italiano ad alto contenuto tecnologico creato per unire FORMAZIONE PERSONALE CORSI E COACHING PROFESSIONALE  RECRUITING E HUMAN RESEARCH\",\"potentialAction\":[{\"@type\":\"SearchAction\",\"target\":{\"@type\":\"EntryPoint\",\"urlTemplate\":\"https:\\\/\\\/learning.ioformo.it\\\/blog\\\/?s={search_term_string}\"},\"query-input\":{\"@type\":\"PropertyValueSpecification\",\"valueRequired\":true,\"valueName\":\"search_term_string\"}}],\"inLanguage\":\"it-IT\"}]}<\/script>\n<!-- \/ Yoast SEO plugin. -->","yoast_head_json":{"title":"Privacy Policy - ioformo.it","robots":{"index":"noindex","follow":"follow"},"og_locale":"it_IT","og_type":"article","og_title":"Privacy Policy - ioformo.it","og_url":"https:\/\/learning.ioformo.it\/blog\/policy-privacy\/","og_site_name":"ioformo.it","article_modified_time":"2023-06-09T12:32:25+00:00","twitter_card":"summary_large_image","twitter_misc":{"Tempo di lettura stimato":"9 minuti"},"schema":{"@context":"https:\/\/schema.org","@graph":[{"@type":"WebPage","@id":"https:\/\/learning.ioformo.it\/blog\/policy-privacy\/","url":"https:\/\/learning.ioformo.it\/blog\/policy-privacy\/","name":"Privacy Policy - ioformo.it","isPartOf":{"@id":"https:\/\/learning.ioformo.it\/blog\/#website"},"datePublished":"2023-02-22T14:04:00+00:00","dateModified":"2023-06-09T12:32:25+00:00","inLanguage":"it-IT","potentialAction":[{"@type":"ReadAction","target":["https:\/\/learning.ioformo.it\/blog\/policy-privacy\/"]}]},{"@type":"WebSite","@id":"https:\/\/learning.ioformo.it\/blog\/#website","url":"https:\/\/learning.ioformo.it\/blog\/","name":"ioformo.it","description":"Il primo aggregatore italiano ad alto contenuto tecnologico creato per unire FORMAZIONE PERSONALE CORSI E COACHING PROFESSIONALE  RECRUITING E HUMAN RESEARCH","potentialAction":[{"@type":"SearchAction","target":{"@type":"EntryPoint","urlTemplate":"https:\/\/learning.ioformo.it\/blog\/?s={search_term_string}"},"query-input":{"@type":"PropertyValueSpecification","valueRequired":true,"valueName":"search_term_string"}}],"inLanguage":"it-IT"}]}},"_links":{"self":[{"href":"https:\/\/learning.ioformo.it\/blog\/wp-json\/wp\/v2\/pages\/3","targetHints":{"allow":["GET"]}}],"collection":[{"href":"https:\/\/learning.ioformo.it\/blog\/wp-json\/wp\/v2\/pages"}],"about":[{"href":"https:\/\/learning.ioformo.it\/blog\/wp-json\/wp\/v2\/types\/page"}],"author":[{"embeddable":true,"href":"https:\/\/learning.ioformo.it\/blog\/wp-json\/wp\/v2\/users\/1"}],"replies":[{"embeddable":true,"href":"https:\/\/learning.ioformo.it\/blog\/wp-json\/wp\/v2\/comments?post=3"}],"version-history":[{"count":6,"href":"https:\/\/learning.ioformo.it\/blog\/wp-json\/wp\/v2\/pages\/3\/revisions"}],"predecessor-version":[{"id":1445,"href":"https:\/\/learning.ioformo.it\/blog\/wp-json\/wp\/v2\/pages\/3\/revisions\/1445"}],"wp:attachment":[{"href":"https:\/\/learning.ioformo.it\/blog\/wp-json\/wp\/v2\/media?parent=3"}],"curies":[{"name":"wp","href":"https:\/\/api.w.org\/{rel}","templated":true}]}}